{"id":1961,"date":"2025-02-05T15:52:47","date_gmt":"2025-02-05T14:52:47","guid":{"rendered":"https:\/\/www.gruenes-band.eu\/?post_type=locations&#038;p=1961"},"modified":"2025-02-05T15:55:54","modified_gmt":"2025-02-05T14:55:54","slug":"wildpark-am-stueckberg","status":"publish","type":"locations","link":"https:\/\/www.gruenes-band.eu\/cz\/orte\/wildpark-am-stueckberg\/","title":{"rendered":"Obora na St\u00fcckbergu"},"content":{"rendered":"\t\t<div data-elementor-type=\"wp-post\" data-elementor-id=\"1961\" class=\"elementor elementor-1961\" data-elementor-post-type=\"locations\">\n\t\t\t\t<div class=\"elementor-element elementor-element-1bb97f3 e-flex e-con-boxed e-con e-parent\" data-id=\"1bb97f3\" data-element_type=\"container\" data-e-type=\"container\">\n\t\t\t\t\t<div class=\"e-con-inner\">\n\t\t<div class=\"elementor-element elementor-element-91d7762 e-flex e-con-boxed e-con e-child\" data-id=\"91d7762\" data-element_type=\"container\" data-e-type=\"container\">\n\t\t\t\t\t<div class=\"e-con-inner\">\n\t\t\t\t<div class=\"elementor-element elementor-element-414de99 elementor-widget__width-initial elementor-widget-tablet__width-inherit elementor-widget elementor-widget-text-editor\" data-id=\"414de99\" data-element_type=\"widget\" data-e-type=\"widget\" data-widget_type=\"text-editor.default\">\n\t\t\t\t<div class=\"elementor-widget-container\">\n\t\t\t\t\t\t\t\t\t<p>Knapp 4,5 Kilometer s\u00fcdlich des staatlich anerkannten Erholungsortes Markt Eslarn erstreckt sich am Fu\u00dfe des 808 m hohen St\u00fcckberges auf 5 Hektar ein Wildpark mit Rot-, Dam- und Schwarzwild. Umgeben von pr\u00e4chtigen Buchen, Fichten und F\u00f6hren l\u00e4dt die Parkanlage zu ausgedehnten Spazierg\u00e4ngen und zur Beobachtung der Waldtiere ein. Auf die Kinder wartet ein Streichelzoo mit Zwergziegen zum Anfassen. Ein Kinderspielplatz mit Schaukeln, Kletter- und Balancierstangen bieten den J\u00fcngeren unter den Besuchern M\u00f6glichkeiten zum Austoben. Urige Sitzgelegenheiten verlocken zu einem Picknick im Freien.<\/p><p>Die Gr\u00fcndung des \u201eParks\u201c im Naturpark geht zur\u00fcck auf das Jahr 1971 und beruht auf der Initiative des damaligen Eslarner B\u00fcrgermeisters Ludwig Landgraf und der Unterst\u00fctzung der Staatsforstverwaltung. Im Heimatfestjahr 2000 wurde das Gehege grundlegend saniert. Den Besuchern und Wanderern steht ein kostenloser Parkplatz zur Verf\u00fcgung.<\/p>\t\t\t\t\t\t\t\t<\/div>\n\t\t\t\t<\/div>\n\t\t\t\t\t<\/div>\n\t\t\t\t<\/div>\n\t\t<div class=\"elementor-element elementor-element-356363c e-flex e-con-boxed e-con e-child\" data-id=\"356363c\" data-element_type=\"container\" data-e-type=\"container\">\n\t\t\t\t\t<div class=\"e-con-inner\">\n\t\t\t\t<div class=\"elementor-element elementor-element-45b53c6 elementor-widget elementor-widget-osm-map-elementor\" data-id=\"45b53c6\" data-element_type=\"widget\" data-e-type=\"widget\" data-widget_type=\"osm-map-elementor.default\">\n\t\t\t\t<div class=\"elementor-widget-container\">\n\t\t\t\t\t<div id=\"osm-map-45b53c6\" \n        class=\"osm-map-container\" \n        data-center=\"49.546416088416,12.539966091383\"><\/div>        <script type=\"text\/javascript\">\n                    <\/script>\n        \t\t\t\t<\/div>\n\t\t\t\t<\/div>\n\t\t\t\t\t<\/div>\n\t\t\t\t<\/div>\n\t\t<div class=\"elementor-element elementor-element-0912ecf e-flex e-con-boxed e-con e-child\" data-id=\"0912ecf\" data-element_type=\"container\" data-e-type=\"container\">\n\t\t\t\t\t<div class=\"e-con-inner\">\n\t\t\t\t<div class=\"elementor-element elementor-element-41ed1c1 info-accordion elementor-widget elementor-widget-n-accordion\" data-id=\"41ed1c1\" data-element_type=\"widget\" data-e-type=\"widget\" data-settings=\"{&quot;default_state&quot;:&quot;all_collapsed&quot;,&quot;max_items_expended&quot;:&quot;one&quot;,&quot;n_accordion_animation_duration&quot;:{&quot;unit&quot;:&quot;ms&quot;,&quot;size&quot;:400,&quot;sizes&quot;:[]}}\" data-widget_type=\"nested-accordion.default\">\n\t\t\t\t<div class=\"elementor-widget-container\">\n\t\t\t\t\t\t\t<div class=\"e-n-accordion\" aria-label=\"Accordion. Open links with Enter or Space, close with Escape, and navigate with Arrow Keys\">\n\t\t\t\t\t\t<details id=\"e-n-accordion-item-6910\" class=\"e-n-accordion-item\" >\n\t\t\t\t<summary class=\"e-n-accordion-item-title\" data-accordion-index=\"1\" tabindex=\"0\" aria-expanded=\"false\" aria-controls=\"e-n-accordion-item-6910\" >\n\t\t\t\t\t<span class='e-n-accordion-item-title-header'><h3 class=\"e-n-accordion-item-title-text\"> \u00d6ffnungszeiten <\/h3><\/span>\n\t\t\t\t\t\t\t<span class='e-n-accordion-item-title-icon'>\n\t\t\t<span class='e-opened' ><svg aria-hidden=\"true\" class=\"e-font-icon-svg e-fas-minus\" viewBox=\"0 0 448 512\" xmlns=\"http:\/\/www.w3.org\/2000\/svg\"><path d=\"M416 208H32c-17.67 0-32 14.33-32 32v32c0 17.67 14.33 32 32 32h384c17.67 0 32-14.33 32-32v-32c0-17.67-14.33-32-32-32z\"><\/path><\/svg><\/span>\n\t\t\t<span class='e-closed'><svg aria-hidden=\"true\" class=\"e-font-icon-svg e-fas-plus\" viewBox=\"0 0 448 512\" xmlns=\"http:\/\/www.w3.org\/2000\/svg\"><path d=\"M416 208H272V64c0-17.67-14.33-32-32-32h-32c-17.67 0-32 14.33-32 32v144H32c-17.67 0-32 14.33-32 32v32c0 17.67 14.33 32 32 32h144v144c0 17.67 14.33 32 32 32h32c17.67 0 32-14.33 32-32V304h144c17.67 0 32-14.33 32-32v-32c0-17.67-14.33-32-32-32z\"><\/path><\/svg><\/span>\n\t\t<\/span>\n\n\t\t\t\t\t\t<\/summary>\n\t\t\t\t<div role=\"region\" aria-labelledby=\"e-n-accordion-item-6910\" class=\"elementor-element elementor-element-e6eb775 e-con-full e-flex e-con e-child\" data-id=\"e6eb775\" data-element_type=\"container\" data-e-type=\"container\">\n\t\t<div role=\"region\" aria-labelledby=\"e-n-accordion-item-6910\" class=\"elementor-element elementor-element-af17e01 e-flex e-con-boxed e-con e-child\" data-id=\"af17e01\" data-element_type=\"container\" data-e-type=\"container\">\n\t\t\t\t\t<div class=\"e-con-inner\">\n\t\t\t\t<div class=\"elementor-element elementor-element-2da312c elementor-widget elementor-widget-text-editor\" data-id=\"2da312c\" data-element_type=\"widget\" data-e-type=\"widget\" data-widget_type=\"text-editor.default\">\n\t\t\t\t<div class=\"elementor-widget-container\">\n\t\t\t\t\t\t\t\t\tJederzeit frei zug\u00e4nglich\t\t\t\t\t\t\t\t<\/div>\n\t\t\t\t<\/div>\n\t\t\t\t\t<\/div>\n\t\t\t\t<\/div>\n\t\t\t\t<\/div>\n\t\t\t\t\t<\/details>\n\t\t\t\t\t\t<details id=\"e-n-accordion-item-6911\" class=\"e-n-accordion-item\" >\n\t\t\t\t<summary class=\"e-n-accordion-item-title\" data-accordion-index=\"2\" tabindex=\"-1\" aria-expanded=\"false\" aria-controls=\"e-n-accordion-item-6911\" >\n\t\t\t\t\t<span class='e-n-accordion-item-title-header'><h3 class=\"e-n-accordion-item-title-text\"> Preisinfo <\/h3><\/span>\n\t\t\t\t\t\t\t<span class='e-n-accordion-item-title-icon'>\n\t\t\t<span class='e-opened' ><svg aria-hidden=\"true\" class=\"e-font-icon-svg e-fas-minus\" viewBox=\"0 0 448 512\" xmlns=\"http:\/\/www.w3.org\/2000\/svg\"><path d=\"M416 208H32c-17.67 0-32 14.33-32 32v32c0 17.67 14.33 32 32 32h384c17.67 0 32-14.33 32-32v-32c0-17.67-14.33-32-32-32z\"><\/path><\/svg><\/span>\n\t\t\t<span class='e-closed'><svg aria-hidden=\"true\" class=\"e-font-icon-svg e-fas-plus\" viewBox=\"0 0 448 512\" xmlns=\"http:\/\/www.w3.org\/2000\/svg\"><path d=\"M416 208H272V64c0-17.67-14.33-32-32-32h-32c-17.67 0-32 14.33-32 32v144H32c-17.67 0-32 14.33-32 32v32c0 17.67 14.33 32 32 32h144v144c0 17.67 14.33 32 32 32h32c17.67 0 32-14.33 32-32V304h144c17.67 0 32-14.33 32-32v-32c0-17.67-14.33-32-32-32z\"><\/path><\/svg><\/span>\n\t\t<\/span>\n\n\t\t\t\t\t\t<\/summary>\n\t\t\t\t<div role=\"region\" aria-labelledby=\"e-n-accordion-item-6911\" class=\"elementor-element elementor-element-81dfca0 e-con-full e-flex e-con e-child\" data-id=\"81dfca0\" data-element_type=\"container\" data-e-type=\"container\">\n\t\t\t\t<div class=\"elementor-element elementor-element-00315b5 elementor-widget elementor-widget-text-editor\" data-id=\"00315b5\" data-element_type=\"widget\" data-e-type=\"widget\" data-widget_type=\"text-editor.default\">\n\t\t\t\t<div class=\"elementor-widget-container\">\n\t\t\t\t\t\t\t\t\t<p>Kostenlos<\/p>\t\t\t\t\t\t\t\t<\/div>\n\t\t\t\t<\/div>\n\t\t\t\t<\/div>\n\t\t\t\t\t<\/details>\n\t\t\t\t\t\t<details id=\"e-n-accordion-item-6912\" class=\"e-n-accordion-item\" >\n\t\t\t\t<summary class=\"e-n-accordion-item-title\" data-accordion-index=\"3\" tabindex=\"-1\" aria-expanded=\"false\" aria-controls=\"e-n-accordion-item-6912\" >\n\t\t\t\t\t<span class='e-n-accordion-item-title-header'><h3 class=\"e-n-accordion-item-title-text\"> Parken <\/h3><\/span>\n\t\t\t\t\t\t\t<span class='e-n-accordion-item-title-icon'>\n\t\t\t<span class='e-opened' ><svg aria-hidden=\"true\" class=\"e-font-icon-svg e-fas-minus\" viewBox=\"0 0 448 512\" xmlns=\"http:\/\/www.w3.org\/2000\/svg\"><path d=\"M416 208H32c-17.67 0-32 14.33-32 32v32c0 17.67 14.33 32 32 32h384c17.67 0 32-14.33 32-32v-32c0-17.67-14.33-32-32-32z\"><\/path><\/svg><\/span>\n\t\t\t<span class='e-closed'><svg aria-hidden=\"true\" class=\"e-font-icon-svg e-fas-plus\" viewBox=\"0 0 448 512\" xmlns=\"http:\/\/www.w3.org\/2000\/svg\"><path d=\"M416 208H272V64c0-17.67-14.33-32-32-32h-32c-17.67 0-32 14.33-32 32v144H32c-17.67 0-32 14.33-32 32v32c0 17.67 14.33 32 32 32h144v144c0 17.67 14.33 32 32 32h32c17.67 0 32-14.33 32-32V304h144c17.67 0 32-14.33 32-32v-32c0-17.67-14.33-32-32-32z\"><\/path><\/svg><\/span>\n\t\t<\/span>\n\n\t\t\t\t\t\t<\/summary>\n\t\t\t\t<div role=\"region\" aria-labelledby=\"e-n-accordion-item-6912\" class=\"elementor-element elementor-element-c6143c8 e-con-full e-flex e-con e-child\" data-id=\"c6143c8\" data-element_type=\"container\" data-e-type=\"container\">\n\t\t\t\t<div class=\"elementor-element elementor-element-aec106d elementor-widget elementor-widget-text-editor\" data-id=\"aec106d\" data-element_type=\"widget\" data-e-type=\"widget\" data-widget_type=\"text-editor.default\">\n\t\t\t\t<div class=\"elementor-widget-container\">\n\t\t\t\t\t\t\t\t\tKostenlose Parkpl\u00e4tze vorhanden\t\t\t\t\t\t\t\t<\/div>\n\t\t\t\t<\/div>\n\t\t\t\t<\/div>\n\t\t\t\t\t<\/details>\n\t\t\t\t\t\t<details id=\"e-n-accordion-item-6913\" class=\"e-n-accordion-item\" >\n\t\t\t\t<summary class=\"e-n-accordion-item-title\" data-accordion-index=\"4\" tabindex=\"-1\" aria-expanded=\"false\" aria-controls=\"e-n-accordion-item-6913\" >\n\t\t\t\t\t<span class='e-n-accordion-item-title-header'><h3 class=\"e-n-accordion-item-title-text\"> Kontakt <\/h3><\/span>\n\t\t\t\t\t\t\t<span class='e-n-accordion-item-title-icon'>\n\t\t\t<span class='e-opened' ><svg aria-hidden=\"true\" class=\"e-font-icon-svg e-fas-minus\" viewBox=\"0 0 448 512\" xmlns=\"http:\/\/www.w3.org\/2000\/svg\"><path d=\"M416 208H32c-17.67 0-32 14.33-32 32v32c0 17.67 14.33 32 32 32h384c17.67 0 32-14.33 32-32v-32c0-17.67-14.33-32-32-32z\"><\/path><\/svg><\/span>\n\t\t\t<span class='e-closed'><svg aria-hidden=\"true\" class=\"e-font-icon-svg e-fas-plus\" viewBox=\"0 0 448 512\" xmlns=\"http:\/\/www.w3.org\/2000\/svg\"><path d=\"M416 208H272V64c0-17.67-14.33-32-32-32h-32c-17.67 0-32 14.33-32 32v144H32c-17.67 0-32 14.33-32 32v32c0 17.67 14.33 32 32 32h144v144c0 17.67 14.33 32 32 32h32c17.67 0 32-14.33 32-32V304h144c17.67 0 32-14.33 32-32v-32c0-17.67-14.33-32-32-32z\"><\/path><\/svg><\/span>\n\t\t<\/span>\n\n\t\t\t\t\t\t<\/summary>\n\t\t\t\t<div role=\"region\" aria-labelledby=\"e-n-accordion-item-6913\" class=\"elementor-element elementor-element-6aa0460 e-con-full e-flex e-con e-child\" data-id=\"6aa0460\" data-element_type=\"container\" data-e-type=\"container\">\n\t\t\t\t<div class=\"elementor-element elementor-element-27fd9fc elementor-widget elementor-widget-text-editor\" data-id=\"27fd9fc\" data-element_type=\"widget\" data-e-type=\"widget\" data-widget_type=\"text-editor.default\">\n\t\t\t\t<div class=\"elementor-widget-container\">\n\t\t\t\t\t\t\t\t\t<p><strong>Markt Eslarn<\/strong><br \/>Marktplatz 1<br \/>92693 Eslarn<br \/>Telefon +49 9653 920 735<br \/>E-Mail: <a href=\"mailto:tourismus@eslarn.de\">tourismus@eslarn.de<\/a><br \/>Webseite: <a href=\"https:\/\/www.eslarn.de\">www.eslarn.de<\/a><\/p>\t\t\t\t\t\t\t\t<\/div>\n\t\t\t\t<\/div>\n\t\t\t\t<\/div>\n\t\t\t\t\t<\/details>\n\t\t\t\t\t<\/div>\n\t\t\t\t\t\t<\/div>\n\t\t\t\t<\/div>\n\t\t\t\t\t<\/div>\n\t\t\t\t<\/div>\n\t\t<div class=\"elementor-element elementor-element-08c1608 e-flex e-con-boxed e-con e-child\" data-id=\"08c1608\" data-element_type=\"container\" data-e-type=\"container\">\n\t\t\t\t\t<div class=\"e-con-inner\">\n\t\t\t\t<div class=\"elementor-element elementor-element-2cc7920 showmoreimages elementor-widget elementor-widget-gallery\" data-id=\"2cc7920\" data-element_type=\"widget\" data-e-type=\"widget\" data-settings=\"{&quot;columns&quot;:3,&quot;aspect_ratio&quot;:&quot;4:3&quot;,&quot;columns_tablet&quot;:3,&quot;lazyload&quot;:&quot;yes&quot;,&quot;gallery_layout&quot;:&quot;grid&quot;,&quot;columns_mobile&quot;:1,&quot;gap&quot;:{&quot;unit&quot;:&quot;px&quot;,&quot;size&quot;:10,&quot;sizes&quot;:[]},&quot;gap_tablet&quot;:{&quot;unit&quot;:&quot;px&quot;,&quot;size&quot;:10,&quot;sizes&quot;:[]},&quot;gap_mobile&quot;:{&quot;unit&quot;:&quot;px&quot;,&quot;size&quot;:10,&quot;sizes&quot;:[]},&quot;link_to&quot;:&quot;file&quot;,&quot;overlay_background&quot;:&quot;yes&quot;,&quot;content_hover_animation&quot;:&quot;fade-in&quot;}\" data-widget_type=\"gallery.default\">\n\t\t\t\t<div class=\"elementor-widget-container\">\n\t\t\t\t\t\t\t<div class=\"elementor-gallery__container\">\n\t\t\t\t\t\t\t<a class=\"e-gallery-item elementor-gallery-item elementor-animated-content\" href=\"https:\/\/www.gruenes-band.eu\/wp-content\/uploads\/2025\/02\/Wildpark-Elsarn_Norberg-Eimer_1.jpg\" data-elementor-open-lightbox=\"yes\" data-elementor-lightbox-slideshow=\"2cc7920\" data-e-action-hash=\"#elementor-action%3Aaction%3Dlightbox%26settings%3DeyJpZCI6MTk2NCwidXJsIjoiaHR0cHM6XC9cL3d3dy5ncnVlbmVzLWJhbmQuZXVcL3dwLWNvbnRlbnRcL3VwbG9hZHNcLzIwMjVcLzAyXC9XaWxkcGFyay1FbHNhcm5fTm9yYmVyZy1FaW1lcl8xLmpwZyIsInNsaWRlc2hvdyI6IjJjYzc5MjAifQ%3D%3D\">\n\t\t\t\t\t<div class=\"e-gallery-image elementor-gallery-item__image\" data-thumbnail=\"https:\/\/www.gruenes-band.eu\/wp-content\/uploads\/2025\/02\/Wildpark-Elsarn_Norberg-Eimer_1-768x341.jpg\" data-width=\"768\" data-height=\"341\" aria-label=\"\" role=\"img\" ><\/div>\n\t\t\t\t\t\t\t\t\t\t\t<div class=\"elementor-gallery-item__overlay\"><\/div>\n\t\t\t\t\t\t\t\t\t\t\t\t\t\t<\/a>\n\t\t\t\t\t\t\t<a class=\"e-gallery-item elementor-gallery-item elementor-animated-content\" href=\"https:\/\/www.gruenes-band.eu\/wp-content\/uploads\/2025\/02\/Wildpark-Elsarn_Norberg-Eimer_3.jpg\" data-elementor-open-lightbox=\"yes\" data-elementor-lightbox-slideshow=\"2cc7920\" data-e-action-hash=\"#elementor-action%3Aaction%3Dlightbox%26settings%3DeyJpZCI6MTk2NSwidXJsIjoiaHR0cHM6XC9cL3d3dy5ncnVlbmVzLWJhbmQuZXVcL3dwLWNvbnRlbnRcL3VwbG9hZHNcLzIwMjVcLzAyXC9XaWxkcGFyay1FbHNhcm5fTm9yYmVyZy1FaW1lcl8zLmpwZyIsInNsaWRlc2hvdyI6IjJjYzc5MjAifQ%3D%3D\">\n\t\t\t\t\t<div class=\"e-gallery-image elementor-gallery-item__image\" data-thumbnail=\"https:\/\/www.gruenes-band.eu\/wp-content\/uploads\/2025\/02\/Wildpark-Elsarn_Norberg-Eimer_3-768x341.jpg\" data-width=\"768\" data-height=\"341\" aria-label=\"\" role=\"img\" ><\/div>\n\t\t\t\t\t\t\t\t\t\t\t<div class=\"elementor-gallery-item__overlay\"><\/div>\n\t\t\t\t\t\t\t\t\t\t\t\t\t\t<\/a>\n\t\t\t\t\t<\/div>\n\t\t\t\t\t<\/div>\n\t\t\t\t<\/div>\n\t\t\t\t<div class=\"elementor-element elementor-element-4bdf56d elementor-widget elementor-widget-html\" data-id=\"4bdf56d\" data-element_type=\"widget\" data-e-type=\"widget\" data-widget_type=\"html.default\">\n\t\t\t\t<div class=\"elementor-widget-container\">\n\t\t\t\t\t<script>\r\nlet galleries,\r\nshownAmount = 3, \/* How many images will be shown by default *\/\r\nviewMoreMessages = {\r\n    'de': 'XX weitere Bilder',\r\n    'cs': 'XX dal\u0161\u00ed obr\u00e1zky'\r\n};\r\n\r\ndocument.addEventListener('DOMContentLoaded', function() {\r\n    galleries = document.querySelectorAll('.showmoreimages');\r\n\r\n    setTimeout(function(){\r\n        viewMoreGalleries();\r\n    }, 2700);\r\n\r\n    window.addEventListener(\"resize\", function() {\r\n        setTimeout(function(){\r\n            viewMoreGalleries();\r\n        }, 777);\r\n    });\r\n});\r\n\r\nfunction getViewMoreMessage() {\r\n    \/\/ Detect the language of the page\r\n    let lang = document.documentElement.lang || 'de'; \/\/ default to German\r\n    return viewMoreMessages[lang] || viewMoreMessages['de']; \/\/ default to German if language not found\r\n}\r\n\r\nfunction viewMoreGalleries() {\r\n    let viewMoreMessage = getViewMoreMessage();\r\n    \r\n    galleries.forEach((e,i) => {\r\n        let galleryItems = e.querySelectorAll('.elementor-gallery-item');\r\n        let viewMoreImagesCount = 0;\r\n        for (let i = shownAmount; i < galleryItems.length; i++) {\r\n            galleryItems[i].style.display = 'none';\r\n            viewMoreImagesCount++;\r\n        }\r\n\r\n        let galleryOffsetDiv = e.querySelector('.elementor-widget-container');\r\n\r\n        let offSet = galleryItems[shownAmount - 1].getBoundingClientRect().bottom - e.getBoundingClientRect().top;\r\n\r\n        galleryOffsetDiv.style.height = offSet + 'px';\r\n\r\n        galleryItems[shownAmount - 1].setAttribute('data-count', viewMoreMessage.replace('XX', viewMoreImagesCount));\r\n\r\n        cssDiv.innerHTML = `\r\n        .showmoreimages .elementor-gallery-item:nth-child(${shownAmount}):before {\r\n            content: attr(data-count);\r\n            text-align: center;\r\n            z-index: 5;\r\n            margin: 0;\r\n            position: absolute;\r\n            top: 50%;\r\n            left: 50%;\r\n            transform: translate(-50%, -50%);\r\n            display: flex;\r\n            justify-content: center;\r\n            align-items: center;\r\n            \/* Edit the below CSS to adjust the 'view more' card styling *\/\r\n            text-transform: uppercase;\r\n            font-weight: 900;\r\n            font-size: 1rem;\r\n            font-family: inherit;\r\n            width: 100%;\r\n            height: 100%;\r\n            color: white;\r\n            background-color: rgba(0, 0, 0, 0.4);\r\n        }`;\r\n    });\r\n}\r\n\r\nlet cssDiv = document.createElement('style');\r\ndocument.querySelector('head').appendChild(cssDiv);\r\n<\/script>\r\n\t\t\t\t<\/div>\n\t\t\t\t<\/div>\n\t\t\t\t\t<\/div>\n\t\t\t\t<\/div>\n\t\t\t\t\t<\/div>\n\t\t\t\t<\/div>\n\t\t\t\t<\/div>\n\t\t","protected":false},"excerpt":{"rendered":"<p>Knapp 4,5 Kilometer s\u00fcdlich des staatlich anerkannten Erholungsortes Markt Eslarn erstreckt sich am Fu\u00dfe des 808 m hohen St\u00fcckberges auf 5 Hektar ein Wildpark mit Rot-, Dam- und Schwarzwild. Umgeben von pr\u00e4chtigen Buchen, Fichten und F\u00f6hren l\u00e4dt die Parkanlage zu ausgedehnten Spazierg\u00e4ngen und zur Beobachtung der Waldtiere ein. Auf die Kinder wartet ein Streichelzoo mit [&hellip;]<\/p>\n","protected":false},"featured_media":1962,"parent":0,"menu_order":0,"template":"","location-category":[16],"ortschaften":[89],"class_list":["post-1961","locations","type-locations","status-publish","has-post-thumbnail","hentry","location-category-natur","ortschaften-eslarn"],"_links":{"self":[{"href":"https:\/\/www.gruenes-band.eu\/cz\/wp-json\/wp\/v2\/locations\/1961","targetHints":{"allow":["GET"]}}],"collection":[{"href":"https:\/\/www.gruenes-band.eu\/cz\/wp-json\/wp\/v2\/locations"}],"about":[{"href":"https:\/\/www.gruenes-band.eu\/cz\/wp-json\/wp\/v2\/types\/locations"}],"version-history":[{"count":4,"href":"https:\/\/www.gruenes-band.eu\/cz\/wp-json\/wp\/v2\/locations\/1961\/revisions"}],"predecessor-version":[{"id":1968,"href":"https:\/\/www.gruenes-band.eu\/cz\/wp-json\/wp\/v2\/locations\/1961\/revisions\/1968"}],"wp:featuredmedia":[{"embeddable":true,"href":"https:\/\/www.gruenes-band.eu\/cz\/wp-json\/wp\/v2\/media\/1962"}],"wp:attachment":[{"href":"https:\/\/www.gruenes-band.eu\/cz\/wp-json\/wp\/v2\/media?parent=1961"}],"wp:term":[{"taxonomy":"location-category","embeddable":true,"href":"https:\/\/www.gruenes-band.eu\/cz\/wp-json\/wp\/v2\/location-category?post=1961"},{"taxonomy":"ortschaften","embeddable":true,"href":"https:\/\/www.gruenes-band.eu\/cz\/wp-json\/wp\/v2\/ortschaften?post=1961"}],"curies":[{"name":"wp","href":"https:\/\/api.w.org\/{rel}","templated":true}]}}